{"id":15,"date":"2020-01-10T15:54:47","date_gmt":"2020-01-10T14:54:47","guid":{"rendered":"http:\/\/jfpiquet.com\/?page_id=15"},"modified":"2026-01-13T14:28:51","modified_gmt":"2026-01-13T13:28:51","slug":"journal","status":"publish","type":"page","link":"https:\/\/jfpiquet.com\/?page_id=15","title":{"rendered":"Actualit\u00e9s"},"content":{"rendered":"\n<p><strong>Meilleurs v\u0153ux pour 2026 et bon atelier d&rsquo;\u00e9criture<\/strong><\/p>\n\n\n\n<p>Notez que l&rsquo;atelier du 28 f\u00e9vrier sera anim\u00e9 par ma cons\u0153ur Jo\u00eblle Cuvilliez et que la s\u00e9ance sera suivie d&rsquo;une lecture-rencontre autour de son dernier livre Buen Camino (r\u00e9cit de voyage en solo et \u00e0 pied au Portugal). R\u00e9servation obligatoire. <\/p>\n\n\n\n<figure class=\"wp-block-image size-large\"><img decoding=\"async\" loading=\"lazy\" width=\"1024\" height=\"718\" src=\"https:\/\/jfpiquet.com\/wp-content\/uploads\/2026\/01\/affiche-ateliers-2026-hiver-1024x718.jpg\" alt=\"\" class=\"wp-image-921\" srcset=\"https:\/\/jfpiquet.com\/wp-content\/uploads\/2026\/01\/affiche-ateliers-2026-hiver-1024x718.jpg 1024w, https:\/\/jfpiquet.com\/wp-content\/uploads\/2026\/01\/affiche-ateliers-2026-hiver-600x421.jpg 600w, https:\/\/jfpiquet.com\/wp-content\/uploads\/2026\/01\/affiche-ateliers-2026-hiver-300x210.jpg 300w, https:\/\/jfpiquet.com\/wp-content\/uploads\/2026\/01\/affiche-ateliers-2026-hiver-768x539.jpg 768w, https:\/\/jfpiquet.com\/wp-content\/uploads\/2026\/01\/affiche-ateliers-2026-hiver-1536x1077.jpg 1536w, https:\/\/jfpiquet.com\/wp-content\/uploads\/2026\/01\/affiche-ateliers-2026-hiver-1000x701.jpg 1000w, https:\/\/jfpiquet.com\/wp-content\/uploads\/2026\/01\/affiche-ateliers-2026-hiver-230x161.jpg 230w, https:\/\/jfpiquet.com\/wp-content\/uploads\/2026\/01\/affiche-ateliers-2026-hiver-350x245.jpg 350w, https:\/\/jfpiquet.com\/wp-content\/uploads\/2026\/01\/affiche-ateliers-2026-hiver-480x337.jpg 480w, https:\/\/jfpiquet.com\/wp-content\/uploads\/2026\/01\/affiche-ateliers-2026-hiver.jpg 1968w\" sizes=\"(max-width: 1024px) 100vw, 1024px\" \/><\/figure>\n\n\n\n<p>L&rsquo;atelier d&rsquo;\u00e9criture \u00e0 Ch\u00e2tillon-sur-Seine entrera dans sa troisi\u00e8me ann\u00e9e en septembre. Ci-dessous le calendrier des s\u00e9ances jusqu&rsquo;\u00e0 la fin de l&rsquo;ann\u00e9e 2025. Inscrivez-vous si ce n&rsquo;est d\u00e9j\u00e0 fait, les \u00ab\u00a0anciens\u00a0\u00bb vous feront une petite place et vous accueilleront avec bienveillance. Au plaisir de vous voir ou revoir. <em>PS. Comme le montre la photo sur l&rsquo;affiche, notre ambition pour cette nouvelle saison est d&rsquo;\u00e9crire un grand livre !<\/em> <\/p>\n\n\n\n<figure class=\"wp-block-image size-large\"><img decoding=\"async\" loading=\"lazy\" width=\"1024\" height=\"724\" src=\"https:\/\/jfpiquet.com\/wp-content\/uploads\/2025\/08\/affiche-atelier-2025-automne-hiver-1024x724.jpeg\" alt=\"\" class=\"wp-image-917\" srcset=\"https:\/\/jfpiquet.com\/wp-content\/uploads\/2025\/08\/affiche-atelier-2025-automne-hiver-1024x724.jpeg 1024w, https:\/\/jfpiquet.com\/wp-content\/uploads\/2025\/08\/affiche-atelier-2025-automne-hiver-600x424.jpeg 600w, https:\/\/jfpiquet.com\/wp-content\/uploads\/2025\/08\/affiche-atelier-2025-automne-hiver-300x212.jpeg 300w, https:\/\/jfpiquet.com\/wp-content\/uploads\/2025\/08\/affiche-atelier-2025-automne-hiver-768x543.jpeg 768w, https:\/\/jfpiquet.com\/wp-content\/uploads\/2025\/08\/affiche-atelier-2025-automne-hiver-1536x1086.jpeg 1536w, https:\/\/jfpiquet.com\/wp-content\/uploads\/2025\/08\/affiche-atelier-2025-automne-hiver-2048x1448.jpeg 2048w, https:\/\/jfpiquet.com\/wp-content\/uploads\/2025\/08\/affiche-atelier-2025-automne-hiver-1000x707.jpeg 1000w, https:\/\/jfpiquet.com\/wp-content\/uploads\/2025\/08\/affiche-atelier-2025-automne-hiver-230x163.jpeg 230w, https:\/\/jfpiquet.com\/wp-content\/uploads\/2025\/08\/affiche-atelier-2025-automne-hiver-350x248.jpeg 350w, https:\/\/jfpiquet.com\/wp-content\/uploads\/2025\/08\/affiche-atelier-2025-automne-hiver-480x339.jpeg 480w\" sizes=\"(max-width: 1024px) 100vw, 1024px\" \/><\/figure>\n\n\n\n<p>Ci-dessous le calendrier pour les ateliers de fin de saison. Notez qu&rsquo;apr\u00e8s la s\u00e9ance du 28 juin, il y aura une soir\u00e9e conviviale au cours de laquelle je lirai quelques extraits de mes livres. Une invit\u00e9e surprise lira \u00e9galement quelques extraits de son premier roman \u00e0 para\u00eetre en 2026. Inscription obligatoire pour la soir\u00e9e.<\/p>\n\n\n\n<figure class=\"wp-block-image size-large\"><img decoding=\"async\" loading=\"lazy\" width=\"1024\" height=\"724\" src=\"https:\/\/jfpiquet.com\/wp-content\/uploads\/2025\/04\/affiche-atelier-2025-printemps-ete1-1024x724.jpeg\" alt=\"\" class=\"wp-image-910\" srcset=\"https:\/\/jfpiquet.com\/wp-content\/uploads\/2025\/04\/affiche-atelier-2025-printemps-ete1-1024x724.jpeg 1024w, https:\/\/jfpiquet.com\/wp-content\/uploads\/2025\/04\/affiche-atelier-2025-printemps-ete1-600x424.jpeg 600w, https:\/\/jfpiquet.com\/wp-content\/uploads\/2025\/04\/affiche-atelier-2025-printemps-ete1-300x212.jpeg 300w, https:\/\/jfpiquet.com\/wp-content\/uploads\/2025\/04\/affiche-atelier-2025-printemps-ete1-768x543.jpeg 768w, https:\/\/jfpiquet.com\/wp-content\/uploads\/2025\/04\/affiche-atelier-2025-printemps-ete1-1536x1086.jpeg 1536w, https:\/\/jfpiquet.com\/wp-content\/uploads\/2025\/04\/affiche-atelier-2025-printemps-ete1-2048x1448.jpeg 2048w, https:\/\/jfpiquet.com\/wp-content\/uploads\/2025\/04\/affiche-atelier-2025-printemps-ete1-1000x707.jpeg 1000w, https:\/\/jfpiquet.com\/wp-content\/uploads\/2025\/04\/affiche-atelier-2025-printemps-ete1-230x163.jpeg 230w, https:\/\/jfpiquet.com\/wp-content\/uploads\/2025\/04\/affiche-atelier-2025-printemps-ete1-350x248.jpeg 350w, https:\/\/jfpiquet.com\/wp-content\/uploads\/2025\/04\/affiche-atelier-2025-printemps-ete1-480x339.jpeg 480w\" sizes=\"(max-width: 1024px) 100vw, 1024px\" \/><\/figure>\n\n\n\n<figure class=\"wp-block-image size-large\"><img decoding=\"async\" loading=\"lazy\" width=\"1024\" height=\"724\" src=\"https:\/\/jfpiquet.com\/wp-content\/uploads\/2025\/01\/468526472_28546783328254357_9146842353866067838_n-1024x724.jpg\" alt=\"\" class=\"wp-image-904\" srcset=\"https:\/\/jfpiquet.com\/wp-content\/uploads\/2025\/01\/468526472_28546783328254357_9146842353866067838_n-1024x724.jpg 1024w, https:\/\/jfpiquet.com\/wp-content\/uploads\/2025\/01\/468526472_28546783328254357_9146842353866067838_n-600x424.jpg 600w, https:\/\/jfpiquet.com\/wp-content\/uploads\/2025\/01\/468526472_28546783328254357_9146842353866067838_n-300x212.jpg 300w, https:\/\/jfpiquet.com\/wp-content\/uploads\/2025\/01\/468526472_28546783328254357_9146842353866067838_n-768x543.jpg 768w, https:\/\/jfpiquet.com\/wp-content\/uploads\/2025\/01\/468526472_28546783328254357_9146842353866067838_n-1536x1086.jpg 1536w, https:\/\/jfpiquet.com\/wp-content\/uploads\/2025\/01\/468526472_28546783328254357_9146842353866067838_n-1000x707.jpg 1000w, https:\/\/jfpiquet.com\/wp-content\/uploads\/2025\/01\/468526472_28546783328254357_9146842353866067838_n-230x163.jpg 230w, https:\/\/jfpiquet.com\/wp-content\/uploads\/2025\/01\/468526472_28546783328254357_9146842353866067838_n-350x247.jpg 350w, https:\/\/jfpiquet.com\/wp-content\/uploads\/2025\/01\/468526472_28546783328254357_9146842353866067838_n-480x339.jpg 480w, https:\/\/jfpiquet.com\/wp-content\/uploads\/2025\/01\/468526472_28546783328254357_9146842353866067838_n.jpg 2048w\" sizes=\"(max-width: 1024px) 100vw, 1024px\" \/><\/figure>\n\n\n\n<p><strong>La saison d&rsquo;hiver se terminera le samedi 15 f\u00e9vrier 2025 et la s\u00e9ance d&rsquo;atelier sera suivie d&rsquo;une soir\u00e9e conviviale au cours de laquelle nous pr\u00e9senterons le nouveau recueil de textes des participants sous le titre : TERRITOIRES INTIMES. La saison printemps-\u00e9t\u00e9 sera annonc\u00e9e dans quelque temps mais d&rsquo;ores et d\u00e9j\u00e0 vous pouvez noter les dates pr\u00e9vues : 15 mars, 5 avril, 10 mai et 28 juin.<\/strong><\/p>\n\n\n\n<p><\/p>\n\n\n\n<p><strong>Atelier Ch\u00e2tillon-sur-Seine : apr\u00e8s une belle saison d&rsquo;hiver et une non moins belle saison d&rsquo;\u00e9t\u00e9, durant lesquelles les participants ont produits deux recueils de textes dont ils ont donn\u00e9 lecture lors de deux soir\u00e9es litt\u00e9raires et conviviales &#8211; ON CONTINUE ! Pour info, la s\u00e9ance du 12 octobre 2024 sera anim\u00e9e par mon confr\u00e8re Beno\u00eet Richter, grand amateur de l&rsquo;OULIPO et des jeux d&rsquo;\u00e9criture : beau moment en perspective ! <\/strong><\/p>\n\n\n\n<figure class=\"wp-block-image size-large\"><img decoding=\"async\" loading=\"lazy\" width=\"1024\" height=\"724\" src=\"https:\/\/jfpiquet.com\/wp-content\/uploads\/2024\/07\/affiche-ateliers-automne-24-1024x724.jpg\" alt=\"\" class=\"wp-image-901\" srcset=\"https:\/\/jfpiquet.com\/wp-content\/uploads\/2024\/07\/affiche-ateliers-automne-24-1024x724.jpg 1024w, https:\/\/jfpiquet.com\/wp-content\/uploads\/2024\/07\/affiche-ateliers-automne-24-600x424.jpg 600w, https:\/\/jfpiquet.com\/wp-content\/uploads\/2024\/07\/affiche-ateliers-automne-24-300x212.jpg 300w, https:\/\/jfpiquet.com\/wp-content\/uploads\/2024\/07\/affiche-ateliers-automne-24-768x543.jpg 768w, https:\/\/jfpiquet.com\/wp-content\/uploads\/2024\/07\/affiche-ateliers-automne-24-1536x1085.jpg 1536w, https:\/\/jfpiquet.com\/wp-content\/uploads\/2024\/07\/affiche-ateliers-automne-24-2048x1447.jpg 2048w, https:\/\/jfpiquet.com\/wp-content\/uploads\/2024\/07\/affiche-ateliers-automne-24-1000x707.jpg 1000w, https:\/\/jfpiquet.com\/wp-content\/uploads\/2024\/07\/affiche-ateliers-automne-24-230x163.jpg 230w, https:\/\/jfpiquet.com\/wp-content\/uploads\/2024\/07\/affiche-ateliers-automne-24-350x247.jpg 350w, https:\/\/jfpiquet.com\/wp-content\/uploads\/2024\/07\/affiche-ateliers-automne-24-480x339.jpg 480w\" sizes=\"(max-width: 1024px) 100vw, 1024px\" \/><\/figure>\n\n\n\n<figure class=\"wp-block-image size-large\"><img decoding=\"async\" loading=\"lazy\" width=\"1024\" height=\"724\" src=\"https:\/\/jfpiquet.com\/wp-content\/uploads\/2024\/03\/434120478_25853100137622703_8341054555901901371_n-1024x724.jpg\" alt=\"\" class=\"wp-image-897\" srcset=\"https:\/\/jfpiquet.com\/wp-content\/uploads\/2024\/03\/434120478_25853100137622703_8341054555901901371_n-1024x724.jpg 1024w, https:\/\/jfpiquet.com\/wp-content\/uploads\/2024\/03\/434120478_25853100137622703_8341054555901901371_n-600x424.jpg 600w, https:\/\/jfpiquet.com\/wp-content\/uploads\/2024\/03\/434120478_25853100137622703_8341054555901901371_n-300x212.jpg 300w, https:\/\/jfpiquet.com\/wp-content\/uploads\/2024\/03\/434120478_25853100137622703_8341054555901901371_n-768x543.jpg 768w, https:\/\/jfpiquet.com\/wp-content\/uploads\/2024\/03\/434120478_25853100137622703_8341054555901901371_n-1536x1085.jpg 1536w, https:\/\/jfpiquet.com\/wp-content\/uploads\/2024\/03\/434120478_25853100137622703_8341054555901901371_n-1000x707.jpg 1000w, https:\/\/jfpiquet.com\/wp-content\/uploads\/2024\/03\/434120478_25853100137622703_8341054555901901371_n-230x163.jpg 230w, https:\/\/jfpiquet.com\/wp-content\/uploads\/2024\/03\/434120478_25853100137622703_8341054555901901371_n-350x247.jpg 350w, https:\/\/jfpiquet.com\/wp-content\/uploads\/2024\/03\/434120478_25853100137622703_8341054555901901371_n-480x339.jpg 480w, https:\/\/jfpiquet.com\/wp-content\/uploads\/2024\/03\/434120478_25853100137622703_8341054555901901371_n.jpg 2048w\" sizes=\"(max-width: 1024px) 100vw, 1024px\" \/><\/figure>\n\n\n\n<figure class=\"wp-block-image\"><img alt=\"\"\/><\/figure>\n\n\n\n<h1 class=\"wp-block-heading\">R\u00e9\u00e9dition de \u00ab\u00a0Portraits soign\u00e9s\u00a0\u00bb &#8211; mai 2023<\/h1>\n\n\n\n<p>Mon ouvrage <strong>Portraits soign\u00e9s<\/strong>, compos\u00e9 de sept r\u00e9cits \u00e9crits suite \u00e0 une r\u00e9sidence d&rsquo;\u00e9criture dans un h\u00f4pital psychiatrique, vient d&rsquo;\u00eatre r\u00e9\u00e9dit\u00e9, sous une nouvelle couverture sign\u00e9e Dominique Masse, et augment\u00e9 d&rsquo;un texte in\u00e9dit illustr\u00e9 de deux \u0153uvres de Sabine Stellittano. Notez qu&rsquo;il s&rsquo;agit d&rsquo;un tirage limit\u00e9 au prix de 13 euros, frais de port offerts jusqu&rsquo;au 2 juin 2023. Alors, n&rsquo;attendez pas, commandez-le directement aux Editions Rhubarbe dont le directeur est tr\u00e8s r\u00e9actif. Lien ci-apr\u00e8s : <a rel=\"noreferrer noopener\" href=\"http:\/\/www.editions-rhubarbe.com\/portraits-reed.htm?fbclid=IwAR2ikSFQC4WQqPtQL0maU3myXcVno1mdljElQfJKjeWGWZsybZeRy-XRefM\" target=\"_blank\">http:\/\/www.editions-rhubarbe.com\/portraits-reed.htm<\/a> . Merci. <\/p>\n\n\n\n<figure class=\"wp-block-image size-large\"><img decoding=\"async\" loading=\"lazy\" width=\"630\" height=\"1024\" src=\"https:\/\/jfpiquet.com\/wp-content\/uploads\/2023\/05\/IMG-20230417-WA00031-630x1024.jpg\" alt=\"\" class=\"wp-image-865\" srcset=\"https:\/\/jfpiquet.com\/wp-content\/uploads\/2023\/05\/IMG-20230417-WA00031-630x1024.jpg 630w, https:\/\/jfpiquet.com\/wp-content\/uploads\/2023\/05\/IMG-20230417-WA00031-369x600.jpg 369w, https:\/\/jfpiquet.com\/wp-content\/uploads\/2023\/05\/IMG-20230417-WA00031-185x300.jpg 185w, https:\/\/jfpiquet.com\/wp-content\/uploads\/2023\/05\/IMG-20230417-WA00031-768x1249.jpg 768w, https:\/\/jfpiquet.com\/wp-content\/uploads\/2023\/05\/IMG-20230417-WA00031-945x1536.jpg 945w, https:\/\/jfpiquet.com\/wp-content\/uploads\/2023\/05\/IMG-20230417-WA00031-830x1350.jpg 830w, https:\/\/jfpiquet.com\/wp-content\/uploads\/2023\/05\/IMG-20230417-WA00031-230x374.jpg 230w, https:\/\/jfpiquet.com\/wp-content\/uploads\/2023\/05\/IMG-20230417-WA00031-350x569.jpg 350w, https:\/\/jfpiquet.com\/wp-content\/uploads\/2023\/05\/IMG-20230417-WA00031-480x780.jpg 480w, https:\/\/jfpiquet.com\/wp-content\/uploads\/2023\/05\/IMG-20230417-WA00031.jpg 984w\" sizes=\"(max-width: 630px) 100vw, 630px\" \/><\/figure>\n\n\n\n<p><\/p>\n\n\n\n<p class=\"has-text-align-center\">***<\/p>\n\n\n\n<h2 class=\"wp-block-heading has-text-align-center\"><strong>\u00c9crire avec un \u00e9crivain<\/strong><\/h2>\n\n\n\n<p class=\"has-text-align-center\"><em><strong>Atelier d\u2019\u00e9criture \u00e0 Ch\u00e2tillon-sur-Seine (C\u00f4te-d\u2019Or)<\/strong><\/em> &#8211; 2023 et \u00e0 suivre<\/p>\n\n\n\n<p>J\u2019ai choisi cet intitul\u00e9 pour mes ateliers afin de signaler d\u2019embl\u00e9e que je ne suis pas seulement animateur mais \u00e9galement \u00e9crivain. Cela ne garantit en rien la qualit\u00e9 de mes animations, mais laisse entendre que je connais \u00ab&nbsp;de l\u2019int\u00e9rieur&nbsp;\u00bb les difficult\u00e9s et les exigences du m\u00e9tier d\u2019\u00e9crire, et que cela m\u2019a peut-\u00eatre rendu meilleur lecteur, de moi-m\u00eame pour commencer, des autres sans aucun doute. Et c\u2019est important, voire essentiel en atelier de savoir bien lire, car autrement comment conseiller, comment guider ceux qui ne se contentent pas d\u2019un premier jet mais souhaitent aller plus loin, revoir leurs textes, comprendre ce qui se passe et ce qui se dit vraiment quand on en appelle aux mots sur un papier ou un \u00e9cran. Ainsi, en quelque vingt-cinq ann\u00e9es d\u2019animation d\u2019atelier, j\u2019ai fait beaucoup \u00e9crire mais surtout j\u2019ai fait beaucoup lire et de cela je tire grande satisfaction, car j\u2019ai pu partager des bonheurs de lectures et contribuer \u00e0 sortir de l\u2019ombre certains auteurs qui le m\u00e9ritent.<\/p>\n\n\n\n<p>&nbsp;&nbsp;&nbsp;&nbsp;Aujourd\u2019hui, je propose une d\u00e9marche d\u2019atelier d\u2019\u00e9criture qui s\u2019adresse aussi bien \u00e0 ceux qui sont novices en la mati\u00e8re qu\u2019\u00e0 ceux qui ont d\u00e9j\u00e0 une pratique d\u2019\u00e9criture mais souhaitent aller plus loin. Dans cette optique, je veille \u00e0 varier les approches, alternant fiction et autobiographie, prose et po\u00e9sie, jeux et techniques d\u2019\u00e9criture. D\u00e9couverte, partage et convivialit\u00e9 sont les ma\u00eetres-mots de mes ateliers.<\/p>\n\n\n\n<p>&nbsp;&nbsp;&nbsp;&nbsp;&nbsp;&nbsp;&nbsp;&nbsp; Les s\u00e9ances durent 2h30 et sont programm\u00e9es mensuellement hors p\u00e9riode scolaire afin de ne p\u00e9naliser ni les vacanciers ni les parents ou grands-parents \u00ab&nbsp;d\u2019astreinte&nbsp;\u00bb. Elles ont lieu dans la biblioth\u00e8que de ma compagne Fran\u00e7oise Roques au 19 rue du Bourg \u00e0 Ch\u00e2tillon-sur-Seine. Le co\u00fbt par personne et par s\u00e9ance est de 20 euros. Le nombre des participants \u00e9tant limit\u00e9 \u00e0 huit, il est imp\u00e9ratif de s\u2019inscrire.<\/p>\n\n\n\n<p>&nbsp;&nbsp;&nbsp;&nbsp;&nbsp;&nbsp;&nbsp;&nbsp; Tout compl\u00e9ment d\u2019information sur mon site Internet&nbsp; <a href=\"http:\/\/www.jfpiquet.com\">www.jfpiquet.com<\/a> ou par courriel <a href=\"mailto:piquet.ecrivain@gmail.com\">piquet.ecrivain@gmail.com<\/a> ou par t\u00e9l\u00e9phone 06 33 51 56 94.<\/p>\n\n\n\n<p><\/p>\n\n\n\n<p><strong>Deux ateliers sont programm\u00e9s avant les vacances d&rsquo;\u00e9t\u00e9 : samedi 13 mai et samedi 17 juin, de 16h \u00e0 18h30. Il est imp\u00e9ratif de s&rsquo;inscrire car le nombre de participants est limit\u00e9 \u00e0 huit. Co\u00fbt par personne et par s\u00e9ance : 20 euros.<\/strong><\/p>\n\n\n\n<p>Quatre ateliers sont programm\u00e9s de septembre \u00e0 d\u00e9cembre 2023, soit le 30 septembre, le 21 octobre, le 18 novembre et le 15 d\u00e9cembre (aux m\u00eames conditions).<\/p>\n\n\n\n<figure class=\"wp-block-image size-large\"><img decoding=\"async\" loading=\"lazy\" width=\"1024\" height=\"724\" src=\"https:\/\/jfpiquet.com\/wp-content\/uploads\/2023\/09\/affiche-ateliers-2023-sep-dec-1024x724.jpg\" alt=\"\" class=\"wp-image-877\" srcset=\"https:\/\/jfpiquet.com\/wp-content\/uploads\/2023\/09\/affiche-ateliers-2023-sep-dec-1024x724.jpg 1024w, https:\/\/jfpiquet.com\/wp-content\/uploads\/2023\/09\/affiche-ateliers-2023-sep-dec-600x424.jpg 600w, https:\/\/jfpiquet.com\/wp-content\/uploads\/2023\/09\/affiche-ateliers-2023-sep-dec-300x212.jpg 300w, https:\/\/jfpiquet.com\/wp-content\/uploads\/2023\/09\/affiche-ateliers-2023-sep-dec-768x543.jpg 768w, https:\/\/jfpiquet.com\/wp-content\/uploads\/2023\/09\/affiche-ateliers-2023-sep-dec-1536x1085.jpg 1536w, https:\/\/jfpiquet.com\/wp-content\/uploads\/2023\/09\/affiche-ateliers-2023-sep-dec-2048x1447.jpg 2048w, https:\/\/jfpiquet.com\/wp-content\/uploads\/2023\/09\/affiche-ateliers-2023-sep-dec-1000x707.jpg 1000w, https:\/\/jfpiquet.com\/wp-content\/uploads\/2023\/09\/affiche-ateliers-2023-sep-dec-230x163.jpg 230w, https:\/\/jfpiquet.com\/wp-content\/uploads\/2023\/09\/affiche-ateliers-2023-sep-dec-350x247.jpg 350w, https:\/\/jfpiquet.com\/wp-content\/uploads\/2023\/09\/affiche-ateliers-2023-sep-dec-480x339.jpg 480w\" sizes=\"(max-width: 1024px) 100vw, 1024px\" \/><\/figure>\n\n\n\n<p class=\"has-text-align-center\">***<\/p>\n\n\n\n<p class=\"has-text-align-center\"><strong>Atelier d&rsquo;\u00e9criture \u00e0 la maison de Chateaubriand<\/strong> &#8211; septembre &amp; octobre 2022<\/p>\n\n\n\n<p class=\"has-text-align-center\"><strong>\u00ab Du r\u00e9el \u00e0 la fiction \u00bb<\/strong><\/p>\n\n\n\n<p><strong>Ateliers con\u00e7us et anim\u00e9s par Jacques-Fran\u00e7ois Piquet, \u00e9crivain<\/strong><\/p>\n\n\n\n<p><\/p>\n\n\n\n<p>6<sup>e<\/sup> \u00e9dition du&nbsp;\u00ab&nbsp;Projet Chateaubriand&nbsp;\u00bb, <strong>cycle d&rsquo;ateliers d\u2019\u00e9criture suivis, con\u00e7us et anim\u00e9s par un auteur contemporain<\/strong> et dont l\u2019objectif est d\u2019\u00e9crire un texte finalis\u00e9 qui sera publi\u00e9 par la maison de Chateaubriand.<\/p>\n\n\n\n<p><strong>Comment transformer le r\u00e9el pour en faire une fiction<\/strong>, parler sans le dire de sa propre vie dans une histoire en partie invent\u00e9e, cr\u00e9er des personnages qui se feront m\u00e9diateurs entre soi et le lecteur ? Dans la litt\u00e9rature, comment concilier v\u00e9rit\u00e9 et fiction ? Quelle part entre la r\u00e9alit\u00e9 et l\u2019imagination ?<\/p>\n\n\n\n<p>\u00ab Dans les M\u00e9moires d\u2019outre-tombe de Chateaubriand, explique Jacques-Fran\u00e7ois Piquet, m\u2019avait pr\u00e9cis\u00e9ment fascin\u00e9 l\u2019emprise de l\u2019imaginaire sur le r\u00e9el, parfois, semble-t-il, au corps d\u00e9fendant de l\u2019auteur qui se dit soucieux de la v\u00e9rit\u00e9 et voudrait nous faire accroire que la litt\u00e9rature peut s\u2019en accommoder. Or, rien n\u2019est moins vrai, la litt\u00e9rature induit une transformation du r\u00e9el, a fortiori lorsqu\u2019il s\u2019agit d\u2019une entreprise autobiographique, o\u00f9 l\u2019auteur est amen\u00e9 \u00e0 se r\u00e9inventer. \u201cD\u00e8s qu\u2019on \u00e9crit sur soi, le choix des mots, c\u2019est d\u00e9j\u00e0 de la fiction\u201d, affirme Annie Ernaux. Ce choix des mots, cet imp\u00e9rieux besoin de \u201cfaire\u201d de la litt\u00e9rature am\u00e8ne \u00e0 r\u00e9fl\u00e9chir sur la notion de \u201cposture\u201d. Celle de Chateaubriand se r\u00e9sume en un mot : romantique \u2013 avec tout ce que ce mot implique de m\u00e9lancolie, de misanthropie, d\u2019incompr\u00e9hension de la part des autres, de d\u00e9ception voire de d\u00e9go\u00fbt pour la vie et l\u2019\u00e9tat du monde. Sans talent, ce n\u2019e\u00fbt \u00e9t\u00e9 qu\u2019une posture ; avec, ce fut l\u2019\u00e9dification de l\u2019une des plus belles \u0153uvres de la litt\u00e9rature fran\u00e7aise. \u00bb<\/p>\n\n\n\n<p><strong>Ce cycle d\u2019ateliers d\u2019\u00e9criture propose d\u2019interroger ces notions de \u00ab transformation du r\u00e9el \u00bb, d\u2019\u00ab invention de soi \u00bb et de \u00ab posture \u00bb.<\/strong><\/p>\n\n\n\n<p>Abord\u00e9es \u00e0 travers des th\u00e9matiques vari\u00e9es (rituel d\u2019enfance, lettre \u00e0 un alter ego imaginaire, autobiographie et mentir-vrai, \u00e9criture et photographie, hasards de la vie et retrouvailles, villes et souvenirs\u2026) et illustr\u00e9es d\u2019extraits choisis dans la litt\u00e9rature (Chateaubriand, Jean-Jacques Rousseau, Alain Kewes, Abdellatif La\u00e2bi, Louis Aragon, Nathalie Sarraute, Marguerite Duras, Patrick Modiano, Guillaume Apollinaire, Jacques-Fran\u00e7ois Piquet\u2026), ces notions donneront mati\u00e8re \u00e0 l\u2019\u00e9criture d&rsquo;une suite de fragments formant un tout narratif coh\u00e9rent.<\/p>\n\n\n\n<figure class=\"wp-block-image size-large\"><img decoding=\"async\" loading=\"lazy\" width=\"768\" height=\"1024\" src=\"https:\/\/jfpiquet.com\/wp-content\/uploads\/2022\/09\/20220917_093533-768x1024.jpg\" alt=\"\" class=\"wp-image-844\" srcset=\"https:\/\/jfpiquet.com\/wp-content\/uploads\/2022\/09\/20220917_093533-768x1024.jpg 768w, https:\/\/jfpiquet.com\/wp-content\/uploads\/2022\/09\/20220917_093533-450x600.jpg 450w, https:\/\/jfpiquet.com\/wp-content\/uploads\/2022\/09\/20220917_093533-225x300.jpg 225w, https:\/\/jfpiquet.com\/wp-content\/uploads\/2022\/09\/20220917_093533-1152x1536.jpg 1152w, https:\/\/jfpiquet.com\/wp-content\/uploads\/2022\/09\/20220917_093533-1536x2048.jpg 1536w, https:\/\/jfpiquet.com\/wp-content\/uploads\/2022\/09\/20220917_093533-830x1107.jpg 830w, https:\/\/jfpiquet.com\/wp-content\/uploads\/2022\/09\/20220917_093533-230x307.jpg 230w, https:\/\/jfpiquet.com\/wp-content\/uploads\/2022\/09\/20220917_093533-350x467.jpg 350w, https:\/\/jfpiquet.com\/wp-content\/uploads\/2022\/09\/20220917_093533-480x640.jpg 480w, https:\/\/jfpiquet.com\/wp-content\/uploads\/2022\/09\/20220917_093533-scaled.jpg 1920w\" sizes=\"(max-width: 768px) 100vw, 768px\" \/><\/figure>\n\n\n\n<p><\/p>\n\n\n\n<h2 class=\"wp-block-heading\">Dernier livre paru : <em><strong>Une photo existe<\/strong><\/em><\/h2>\n\n\n<div class=\"wp-block-image\">\n<figure class=\"alignright size-thumbnail\"><img decoding=\"async\" loading=\"lazy\" width=\"186\" height=\"300\" src=\"https:\/\/jfpiquet.com\/wp-content\/uploads\/2021\/08\/une_photo-1-186x300.jpg\" alt=\"Couverture du livre &quot;Une photo existe&quot; par JF Piquet\" class=\"wp-image-759\" srcset=\"https:\/\/jfpiquet.com\/wp-content\/uploads\/2021\/08\/une_photo-1-186x300.jpg 186w, https:\/\/jfpiquet.com\/wp-content\/uploads\/2021\/08\/une_photo-1-373x600.jpg 373w, https:\/\/jfpiquet.com\/wp-content\/uploads\/2021\/08\/une_photo-1-636x1024.jpg 636w, https:\/\/jfpiquet.com\/wp-content\/uploads\/2021\/08\/une_photo-1-230x370.jpg 230w, https:\/\/jfpiquet.com\/wp-content\/uploads\/2021\/08\/une_photo-1-350x564.jpg 350w, https:\/\/jfpiquet.com\/wp-content\/uploads\/2021\/08\/une_photo-1-480x773.jpg 480w, https:\/\/jfpiquet.com\/wp-content\/uploads\/2021\/08\/une_photo-1.jpg 760w\" sizes=\"(max-width: 186px) 100vw, 186px\" \/><\/figure><\/div>\n\n\n<p>de Jacques-Fran\u00e7ois Piquet<\/p>\n\n\n\n<p>\u00ab&nbsp;J\u2019ai voulu dire en quelques feuillets la vie de ces hommes et femmes qui m\u2019ont fait, me constituent, aupr\u00e8s de qui j\u2019ai appris, me suis nourri, que j\u2019ai aim\u00e9s et parfois r\u00e9invent\u00e9s faute de les avoir mieux connus. Pour chacun\u00b7e une photo existe qui l\u2019ancre en un lieu et un moment donn\u00e9s&nbsp;: c\u2019est presque toujours moi qui l\u2019ai prise.&nbsp;\u00bb<\/p>\n\n\n\n<p>Editions Rhubarbe 203 pages, 15,00 euros \/ Couverture&nbsp;: Sabine Stellittano<\/p>\n\n\n\n<p> <em>\u00ab Mon corps est fait du bruit des autres \u00bb, rarement la formule d\u2019Antoine Vitez aura \u00e9t\u00e9 si appropri\u00e9e pour d\u00e9crire un projet litt\u00e9raire. Ces dix et une Vies, tant\u00f4t bourdon sourd tant\u00f4t \u00e9clat de cuivres, composent le portrait en creux de celui qui les raconte. Mais on n\u2019oubliera pas que la vie \u00e9crite n\u2019est pas la vie m\u00eame, que la part d\u2019invention, de faux-semblants, est essentielle \u00e0 la v\u00e9rit\u00e9 litt\u00e9raire.<\/em> <\/p>\n\n\n\n<h2 class=\"wp-block-heading\">Cf. notes et critiques page Bibliographie<\/h2>\n\n\n\n<hr class=\"wp-block-separator has-css-opacity\"\/>\n\n\n\n<p><\/p>\n\n\n\n<p><\/p>\n\n\n\n<p>&nbsp; <strong>&nbsp;&nbsp;<\/strong><\/p>\n\n\n\n<h2 class=\"wp-block-heading\"><\/h2>\n\n\n\n<p><\/p>\n\n\n\n<p><\/p>\n\n\n\n<h2 class=\"wp-block-heading\"><\/h2>\n","protected":false},"excerpt":{"rendered":"<p>Meilleurs v\u0153ux pour 2026 et bon atelier d&rsquo;\u00e9criture Notez que l&rsquo;atelier du 28 f\u00e9vrier sera anim\u00e9 par ma cons\u0153ur Jo\u00eblle Cuvilliez et [&hellip;]<\/p>\n","protected":false},"author":2,"featured_media":0,"parent":0,"menu_order":0,"comment_status":"closed","ping_status":"closed","template":"","meta":[],"_links":{"self":[{"href":"https:\/\/jfpiquet.com\/index.php?rest_route=\/wp\/v2\/pages\/15"}],"collection":[{"href":"https:\/\/jfpiquet.com\/index.php?rest_route=\/wp\/v2\/pages"}],"about":[{"href":"https:\/\/jfpiquet.com\/index.php?rest_route=\/wp\/v2\/types\/page"}],"author":[{"embeddable":true,"href":"https:\/\/jfpiquet.com\/index.php?rest_route=\/wp\/v2\/users\/2"}],"replies":[{"embeddable":true,"href":"https:\/\/jfpiquet.com\/index.php?rest_route=%2Fwp%2Fv2%2Fcomments&post=15"}],"version-history":[{"count":79,"href":"https:\/\/jfpiquet.com\/index.php?rest_route=\/wp\/v2\/pages\/15\/revisions"}],"predecessor-version":[{"id":924,"href":"https:\/\/jfpiquet.com\/index.php?rest_route=\/wp\/v2\/pages\/15\/revisions\/924"}],"wp:attachment":[{"href":"https:\/\/jfpiquet.com\/index.php?rest_route=%2Fwp%2Fv2%2Fmedia&parent=15"}],"curies":[{"name":"wp","href":"https:\/\/api.w.org\/{rel}","templated":true}]}}